{"id":1380,"date":"2019-03-25T11:31:59","date_gmt":"2019-03-25T11:31:59","guid":{"rendered":"https:\/\/www.ipvsl.com\/?page_id=1380"},"modified":"2023-09-29T09:51:37","modified_gmt":"2023-09-29T09:51:37","slug":"responsabilitat-corporativa","status":"publish","type":"page","link":"https:\/\/www.ipvsl.com\/es\/responsabilitat-corporativa\/","title":{"rendered":"Responsabilidad Corporativa"},"content":{"rendered":"<p><\/p>\n<div>\n<p><b><span lang=\"ES\">IPV S.L<\/span><\/b><span lang=\"ES\">, empresa dedicada a la ejecuci\u00f3n, mantenimiento y legalizaci\u00f3n de instalaciones el\u00e9ctricas de Baja, Media y Alta tensi\u00f3n, a trav\u00e9s del presente documento marca las directrices a seguir en su quehacer diario y manifiesta su <b>compromiso<\/b> en cuanto a implantaci\u00f3n, difusi\u00f3n y mantenimiento, de su pol\u00edtica corporativa, basada en las normas de gesti\u00f3n de <b>calidad, ambiental y SST, UNE-EN-ISO 9001, UNE-EN-ISO 14.001 e ISO 45001-2018<\/b>, respectivamente. <\/span><\/p>\n<\/div>\n<div>\n<p><span lang=\"ES\">Sirva \u00e9sta como marco para la definici\u00f3n de los objetivos del sistema integrado de gesti\u00f3n.<\/span><\/p>\n<p>&nbsp;<\/p>\n<\/div>\n<div>\n<h2><b><span lang=\"ES\">POL\u00cdTICA DEL SISTEMA INTEGRADO DE GESTI\u00d3N <\/span><\/b><\/h2>\n<\/div>\n<div>\n<p><span lang=\"ES\">En IPV S.L, <b>nos comprometemos<\/b> a: <\/span><\/p>\n<\/div>\n<div>\n<p><span lang=\"ES\"><b>Cumplir con la legislaci\u00f3n<\/b> que nos aplica, as\u00ed como con los requisitos de las partes interesadas, entre ellas, nuestros clientes, con el fin de: <\/span><\/p>\n<\/div>\n<div>\n<ul>\n<li><span lang=\"ES\">Asegurar la <b>sostenibilidad de la empresa<\/b> partiendo del <b>cumplimiento legislativo<\/b>, en todo lo referente a la actividad, materia ambiental, salud y seguridad en el trabajo, as\u00ed como el cumplimiento de los requisitos de las <b>partes interesadas<\/b>.<\/span><\/li>\n<li>Alcanzar la <b>m\u00e1xima satisfacci\u00f3n por parte de nuestros clientes<\/b>, realizando el trabajo con la m\u00e1xima rigurosidad en todas sus fases, resolviendo con la m\u00e1xima celeridad las incidencias postventa que puedan darse, intentando que sean las m\u00ednimas, ejecutando las obras con los materiales de mayor calidad posible, ajust\u00e1ndonos o mejorando a la baja el precio del proyecto y cumpliendo con los plazos de entrega acordados.<\/li>\n<li><b>Proteger el medio ambiente<\/b>, partiendo de la prevenci\u00f3n, eliminaci\u00f3n y\/o reducci\u00f3n del nivel de residuos generados, analizando los distintos procesos que ejecutamos, para segregar de la manera m\u00e1s adecuada los residuos generados, de forma que se facilite la recogida por los gestores autorizados y planificando los nuevos procesos que pudieran surgir plante\u00e1ndonos el nivel m\u00ednimo de residuos posible.<\/li>\n<li><b>Proporcionar condiciones de trabajo seguras y saludables<\/b> para la prevenci\u00f3n de lesiones y deterioro de la salud relacionados con el trabajo, apropiadas al prop\u00f3sito, tama\u00f1o y contexto de IPV S.L. y a la naturaleza espec\u00edfica de los riesgos y oportunidades de la SST. Todo ello a partir del establecimiento, implantaci\u00f3n, mantenimiento y revisi\u00f3n peri\u00f3dica de un Sistema de Gesti\u00f3n de la Prevenci\u00f3n de Riesgos Laborales, formando e informando a nuestro personal, interno y externo, en materia de SST, analizando de forma exhaustiva las causas de los accidentes para implantar las medidas correctoras y preventivas que eliminen o reduzcan los riesgos en su origen y minimizar las consecuencias de los que no se pueden evitar.<\/li>\n<li><b>Formar e informar a nuestro personal<\/b> para que involucren esta pol\u00edtica del sistema integrado, en sus h\u00e1bitos diarios de trabajo.<\/li>\n<li>Crear una <b>cultura de consulta y participaci\u00f3n<\/b> de los trabajadores y su representante, de forma que exista una <b>comunicaci\u00f3n bidireccional<\/b>, fluida y continua entre \u00e9stos y la direcci\u00f3n con el fin de compartir la informaci\u00f3n que pueda retroalimentar el sistema de SST e incorporar sus necesidades y\/o expectativas en la toma de decisiones que afecten a dicho sistema. Siempre con la absoluta garant\u00eda de ausencia de represalias.<\/li>\n<li>Mantener <b>absoluta confidencialidad<\/b> en cuanto a los datos de nuestros clientes y proveedores, seg\u00fan lo dispuesto en la legislaci\u00f3n vigente.<\/li>\n<li><b>Mejorar continuamente<\/b> la eficacia del sistema integrado de gesti\u00f3n.<\/li>\n<li><b>Revisar peri\u00f3dicamente esta pol\u00edtica<\/b> para asegurar que es pertinente y adecuada a la empresa.<\/li>\n<li><span lang=\"ES\"><b>Dar a conocer el contenido de esta pol\u00edtica<\/b> a nuestro personal interno y subcontratado as\u00ed como publicarlo en nuestra p\u00e1gina web para conocimiento del p\u00fablico en general y para aquellas partes <\/span><span lang=\"CA\">interesadas que pudieran solicitarlo.<\/span><\/li>\n<\/ul>\n<\/div>\n<p><\/p>","protected":false},"excerpt":{"rendered":"<p>IPV S.L, empresa dedicada a la ejecuci\u00f3n, mantenimiento y legalizaci\u00f3n de instalaciones el\u00e9ctricas de Baja, Media y Alta tensi\u00f3n, a trav\u00e9s del presente documento marca las directrices a seguir en su quehacer diario y manifiesta su compromiso en cuanto a implantaci\u00f3n, difusi\u00f3n y mantenimiento, de su pol\u00edtica corporativa, basada en las normas de gesti\u00f3n de [&hellip;]<\/p>\n","protected":false},"author":3,"featured_media":0,"parent":0,"menu_order":0,"comment_status":"closed","ping_status":"closed","template":"","meta":{"footnotes":""},"class_list":["post-1380","page","type-page","status-publish","hentry"],"yoast_head":"<!-- This site is optimized with the Yoast SEO plugin v25.7 - https:\/\/yoast.com\/wordpress\/plugins\/seo\/ -->\n<title>Responsabilidad Corporativa - IPV SL<\/title>\n<meta name=\"robots\" content=\"index, follow, max-snippet:-1, max-image-preview:large, max-video-preview:-1\" \/>\n<link rel=\"canonical\" href=\"https:\/\/www.ipvsl.com\/responsabilitat-corporativa\/\" \/>\n<meta property=\"og:locale\" content=\"es_ES\" \/>\n<meta property=\"og:type\" content=\"article\" \/>\n<meta property=\"og:title\" content=\"[:es]Responsabilidad Corporativa[:ca]Responsabilitat Corporativa[:] - IPV SL\" \/>\n<meta property=\"og:description\" content=\"IPV S.L, empresa dedicada a la ejecuci\u00f3n, mantenimiento y legalizaci\u00f3n de instalaciones el\u00e9ctricas de Baja, Media y Alta tensi\u00f3n, a trav\u00e9s del presente documento marca las directrices a seguir en su quehacer diario y manifiesta su compromiso en cuanto a implantaci\u00f3n, difusi\u00f3n y mantenimiento, de su pol\u00edtica corporativa, basada en las normas de gesti\u00f3n de [&hellip;]\" \/>\n<meta property=\"og:url\" content=\"https:\/\/www.ipvsl.com\/responsabilitat-corporativa\/\" \/>\n<meta property=\"og:site_name\" content=\"IPV SL\" \/>\n<meta property=\"article:modified_time\" content=\"2023-09-29T09:51:37+00:00\" \/>\n<meta name=\"twitter:card\" content=\"summary_large_image\" \/>\n<meta name=\"twitter:label1\" content=\"Tiempo de lectura\" \/>\n\t<meta name=\"twitter:data1\" content=\"4 minutos\" \/>\n<script type=\"application\/ld+json\" class=\"yoast-schema-graph\">{\"@context\":\"https:\/\/schema.org\",\"@graph\":[{\"@type\":\"WebPage\",\"@id\":\"https:\/\/www.ipvsl.com\/responsabilitat-corporativa\/\",\"url\":\"https:\/\/www.ipvsl.com\/responsabilitat-corporativa\/\",\"name\":\"[:es]Responsabilidad Corporativa[:ca]Responsabilitat Corporativa[:] - IPV SL\",\"isPartOf\":{\"@id\":\"https:\/\/www.ipvsl.com\/#website\"},\"datePublished\":\"2019-03-25T11:31:59+00:00\",\"dateModified\":\"2023-09-29T09:51:37+00:00\",\"breadcrumb\":{\"@id\":\"https:\/\/www.ipvsl.com\/responsabilitat-corporativa\/#breadcrumb\"},\"inLanguage\":\"es\",\"potentialAction\":[{\"@type\":\"ReadAction\",\"target\":[\"https:\/\/www.ipvsl.com\/responsabilitat-corporativa\/\"]}]},{\"@type\":\"BreadcrumbList\",\"@id\":\"https:\/\/www.ipvsl.com\/responsabilitat-corporativa\/#breadcrumb\",\"itemListElement\":[{\"@type\":\"ListItem\",\"position\":1,\"name\":\"Portada\",\"item\":\"https:\/\/www.ipvsl.com\/\"},{\"@type\":\"ListItem\",\"position\":2,\"name\":\"Responsabilitat Corporativa\"}]},{\"@type\":\"WebSite\",\"@id\":\"https:\/\/www.ipvsl.com\/#website\",\"url\":\"https:\/\/www.ipvsl.com\/\",\"name\":\"IPV SL\",\"description\":\"IPV SL\",\"potentialAction\":[{\"@type\":\"SearchAction\",\"target\":{\"@type\":\"EntryPoint\",\"urlTemplate\":\"https:\/\/www.ipvsl.com\/?s={search_term_string}\"},\"query-input\":{\"@type\":\"PropertyValueSpecification\",\"valueRequired\":true,\"valueName\":\"search_term_string\"}}],\"inLanguage\":\"es\"}]}<\/script>\n<!-- \/ Yoast SEO plugin. -->","yoast_head_json":{"title":"[:es]Responsabilidad Corporativa[:ca]Responsabilitat Corporativa[:] - IPV SL","robots":{"index":"index","follow":"follow","max-snippet":"max-snippet:-1","max-image-preview":"max-image-preview:large","max-video-preview":"max-video-preview:-1"},"canonical":"https:\/\/www.ipvsl.com\/responsabilitat-corporativa\/","og_locale":"es_ES","og_type":"article","og_title":"[:es]Responsabilidad Corporativa[:ca]Responsabilitat Corporativa[:] - IPV SL","og_description":"IPV S.L, empresa dedicada a la ejecuci\u00f3n, mantenimiento y legalizaci\u00f3n de instalaciones el\u00e9ctricas de Baja, Media y Alta tensi\u00f3n, a trav\u00e9s del presente documento marca las directrices a seguir en su quehacer diario y manifiesta su compromiso en cuanto a implantaci\u00f3n, difusi\u00f3n y mantenimiento, de su pol\u00edtica corporativa, basada en las normas de gesti\u00f3n de [&hellip;]","og_url":"https:\/\/www.ipvsl.com\/responsabilitat-corporativa\/","og_site_name":"IPV SL","article_modified_time":"2023-09-29T09:51:37+00:00","twitter_card":"summary_large_image","twitter_misc":{"Tiempo de lectura":"4 minutos"},"schema":{"@context":"https:\/\/schema.org","@graph":[{"@type":"WebPage","@id":"https:\/\/www.ipvsl.com\/responsabilitat-corporativa\/","url":"https:\/\/www.ipvsl.com\/responsabilitat-corporativa\/","name":"[:es]Responsabilidad Corporativa[:ca]Responsabilitat Corporativa[:] - IPV SL","isPartOf":{"@id":"https:\/\/www.ipvsl.com\/#website"},"datePublished":"2019-03-25T11:31:59+00:00","dateModified":"2023-09-29T09:51:37+00:00","breadcrumb":{"@id":"https:\/\/www.ipvsl.com\/responsabilitat-corporativa\/#breadcrumb"},"inLanguage":"es","potentialAction":[{"@type":"ReadAction","target":["https:\/\/www.ipvsl.com\/responsabilitat-corporativa\/"]}]},{"@type":"BreadcrumbList","@id":"https:\/\/www.ipvsl.com\/responsabilitat-corporativa\/#breadcrumb","itemListElement":[{"@type":"ListItem","position":1,"name":"Portada","item":"https:\/\/www.ipvsl.com\/"},{"@type":"ListItem","position":2,"name":"Responsabilitat Corporativa"}]},{"@type":"WebSite","@id":"https:\/\/www.ipvsl.com\/#website","url":"https:\/\/www.ipvsl.com\/","name":"IPV SL","description":"IPV SL","potentialAction":[{"@type":"SearchAction","target":{"@type":"EntryPoint","urlTemplate":"https:\/\/www.ipvsl.com\/?s={search_term_string}"},"query-input":{"@type":"PropertyValueSpecification","valueRequired":true,"valueName":"search_term_string"}}],"inLanguage":"es"}]}},"_links":{"self":[{"href":"https:\/\/www.ipvsl.com\/es\/wp-json\/wp\/v2\/pages\/1380","targetHints":{"allow":["GET"]}}],"collection":[{"href":"https:\/\/www.ipvsl.com\/es\/wp-json\/wp\/v2\/pages"}],"about":[{"href":"https:\/\/www.ipvsl.com\/es\/wp-json\/wp\/v2\/types\/page"}],"author":[{"embeddable":true,"href":"https:\/\/www.ipvsl.com\/es\/wp-json\/wp\/v2\/users\/3"}],"replies":[{"embeddable":true,"href":"https:\/\/www.ipvsl.com\/es\/wp-json\/wp\/v2\/comments?post=1380"}],"version-history":[{"count":5,"href":"https:\/\/www.ipvsl.com\/es\/wp-json\/wp\/v2\/pages\/1380\/revisions"}],"predecessor-version":[{"id":4610,"href":"https:\/\/www.ipvsl.com\/es\/wp-json\/wp\/v2\/pages\/1380\/revisions\/4610"}],"wp:attachment":[{"href":"https:\/\/www.ipvsl.com\/es\/wp-json\/wp\/v2\/media?parent=1380"}],"curies":[{"name":"wp","href":"https:\/\/api.w.org\/{rel}","templated":true}]}}